{"id":19,"date":"2019-02-23T11:19:28","date_gmt":"2019-02-23T11:19:28","guid":{"rendered":"http:\/\/hoseinshirahmadi.com\/?page_id=19"},"modified":"2025-10-28T13:40:21","modified_gmt":"2025-10-28T10:10:21","slug":"about","status":"publish","type":"page","link":"https:\/\/MELIKAMOAZENI.COM\/?page_id=19","title":{"rendered":"Ich"},"content":{"rendered":"\t\t<div data-elementor-type=\"wp-page\" data-elementor-id=\"19\" class=\"elementor elementor-19\" data-elementor-settings=\"[]\">\n\t\t\t\t\t\t\t<div class=\"elementor-section-wrap\">\n\t\t\t\t\t\t\t<section class=\"elementor-section elementor-top-section elementor-element elementor-element-6c3cc6e7 elementor-section-height-min-height elementor-section-boxed elementor-section-height-default elementor-section-items-middle\" data-id=\"6c3cc6e7\" data-element_type=\"section\" data-settings=\"{&quot;background_background&quot;:&quot;classic&quot;}\">\n\t\t\t\t\t\t\t<div class=\"elementor-background-overlay\"><\/div>\n\t\t\t\t\t\t\t<div class=\"elementor-container elementor-column-gap-default\">\n\t\t\t\t\t<div class=\"elementor-column elementor-col-100 elementor-top-column elementor-element elementor-element-1ccba801\" data-id=\"1ccba801\" data-element_type=\"column\">\n\t\t\t<div class=\"elementor-widget-wrap elementor-element-populated\">\n\t\t\t\t\t\t\t\t<div class=\"elementor-element elementor-element-86efaba elementor-widget elementor-widget-spacer\" data-id=\"86efaba\" data-element_type=\"widget\" data-widget_type=\"spacer.default\">\n\t\t\t\t<div class=\"elementor-widget-container\">\n\t\t\t\t\t<div class=\"elementor-spacer\">\n\t\t\t<div class=\"elementor-spacer-inner\"><\/div>\n\t\t<\/div>\n\t\t\t\t<\/div>\n\t\t\t\t<\/div>\n\t\t\t\t\t<\/div>\n\t\t<\/div>\n\t\t\t\t\t\t\t<\/div>\n\t\t<\/section>\n\t\t\t\t<section class=\"elementor-section elementor-top-section elementor-element elementor-element-05c1897 elementor-section-boxed elementor-section-height-default elementor-section-height-default\" data-id=\"05c1897\" data-element_type=\"section\">\n\t\t\t\t\t\t<div class=\"elementor-container elementor-column-gap-custom\">\n\t\t\t\t\t<div class=\"elementor-column elementor-col-33 elementor-top-column elementor-element elementor-element-c2749de\" data-id=\"c2749de\" data-element_type=\"column\">\n\t\t\t<div class=\"elementor-widget-wrap elementor-element-populated\">\n\t\t\t\t\t\t\t\t<div class=\"elementor-element elementor-element-aa087e0 elementor-widget elementor-widget-heading\" data-id=\"aa087e0\" data-element_type=\"widget\" data-widget_type=\"heading.default\">\n\t\t\t\t<div class=\"elementor-widget-container\">\n\t\t\t<style>\/*! elementor - v3.5.3 - 28-12-2021 *\/\n.elementor-heading-title{padding:0;margin:0;line-height:1}.elementor-widget-heading .elementor-heading-title[class*=elementor-size-]>a{color:inherit;font-size:inherit;line-height:inherit}.elementor-widget-heading .elementor-heading-title.elementor-size-small{font-size:15px}.elementor-widget-heading .elementor-heading-title.elementor-size-medium{font-size:19px}.elementor-widget-heading .elementor-heading-title.elementor-size-large{font-size:29px}.elementor-widget-heading .elementor-heading-title.elementor-size-xl{font-size:39px}.elementor-widget-heading .elementor-heading-title.elementor-size-xxl{font-size:59px}<\/style><h2 class=\"elementor-heading-title elementor-size-default\">In meiner k\u00fcnstlerischen Praxis besch\u00e4ftige ich mich mit dem Ich und dem Selbst als Reflexion des Seins.\n Ich lasse mich von Existenzialisten und Psychoanalytikern inspirieren und nutze Kunst als Medium zur Analyse und\nErkenntnis, sowie als Plattform, um mein menschliches Dasein immer wieder neu zu reflektieren.\n <P><\/P>Texte und Lekt\u00fcre dienen als Ausgangspunkt f\u00fcr meine k\u00fcnstlerische Auseinandersetzung. Im Grunde steheN Text und Kunst in einer monadischen Gegen\u00fcberstellung, die mein fundamentales Interesse am Dualismus\nwiderspiegelt, am Studium der Dichotomien des Seins \u2013 jenem Moment, in dem sich alles in einem Kontinuum\nzersplittert. <P><\/P>\nEs geht um die Bestimmung des Hier und Jetzt eines Seins in der Zeitlosigkeit eines Bildes.<\/h2>\t\t<\/div>\n\t\t\t\t<\/div>\n\t\t\t\t\t<\/div>\n\t\t<\/div>\n\t\t\t\t<div class=\"elementor-column elementor-col-33 elementor-top-column elementor-element elementor-element-8539e08\" data-id=\"8539e08\" data-element_type=\"column\">\n\t\t\t<div class=\"elementor-widget-wrap\">\n\t\t\t\t\t\t\t\t\t<\/div>\n\t\t<\/div>\n\t\t\t\t<div class=\"elementor-column elementor-col-33 elementor-top-column elementor-element elementor-element-d1c7d67\" data-id=\"d1c7d67\" data-element_type=\"column\">\n\t\t\t<div class=\"elementor-widget-wrap\">\n\t\t\t\t\t\t\t\t\t<\/div>\n\t\t<\/div>\n\t\t\t\t\t\t\t<\/div>\n\t\t<\/section>\n\t\t\t\t<section class=\"elementor-section elementor-top-section elementor-element elementor-element-69b387f elementor-section-boxed elementor-section-height-default elementor-section-height-default\" data-id=\"69b387f\" data-element_type=\"section\">\n\t\t\t\t\t\t<div class=\"elementor-container elementor-column-gap-default\">\n\t\t\t\t\t<div class=\"elementor-column elementor-col-33 elementor-top-column elementor-element elementor-element-8fede55\" data-id=\"8fede55\" data-element_type=\"column\">\n\t\t\t<div class=\"elementor-widget-wrap elementor-element-populated\">\n\t\t\t\t\t\t\t\t\t<\/div>\n\t\t<\/div>\n\t\t\t\t<div class=\"elementor-column elementor-col-33 elementor-top-column elementor-element elementor-element-5c2badc\" data-id=\"5c2badc\" data-element_type=\"column\">\n\t\t\t<div class=\"elementor-widget-wrap elementor-element-populated\">\n\t\t\t\t\t\t\t\t<div class=\"elementor-element elementor-element-c169454 elementor-widget elementor-widget-heading\" data-id=\"c169454\" data-element_type=\"widget\" data-widget_type=\"heading.default\">\n\t\t\t\t<div class=\"elementor-widget-container\">\n\t\t\t<h2 class=\"elementor-heading-title elementor-size-default\"><p> <p>2022-2025 Meistersch\u00fclerin in der Klasse Prof. Megan Francis Sullivan, Kunsthochschule Mainz <p>2021  M.A. Bildende Kunst und Philosophie, Philipps-Universit\u00e4t Marburg, Marburg, Deutschland. <\/p><p>2017  B.A. Textildesign, Kunst Universit\u00e4t Teheran, Teheran, Iran.\n<\/h2>\t\t<\/div>\n\t\t\t\t<\/div>\n\t\t\t\t\t<\/div>\n\t\t<\/div>\n\t\t\t\t<div class=\"elementor-column elementor-col-33 elementor-top-column elementor-element elementor-element-af4218f\" data-id=\"af4218f\" data-element_type=\"column\">\n\t\t\t<div class=\"elementor-widget-wrap\">\n\t\t\t\t\t\t\t\t\t<\/div>\n\t\t<\/div>\n\t\t\t\t\t\t\t<\/div>\n\t\t<\/section>\n\t\t\t\t<section class=\"elementor-section elementor-top-section elementor-element elementor-element-b1a142b elementor-section-boxed elementor-section-height-default elementor-section-height-default\" data-id=\"b1a142b\" data-element_type=\"section\">\n\t\t\t\t\t\t<div class=\"elementor-container elementor-column-gap-default\">\n\t\t\t\t\t<div class=\"elementor-column elementor-col-33 elementor-top-column elementor-element elementor-element-d9e4b71\" data-id=\"d9e4b71\" data-element_type=\"column\">\n\t\t\t<div class=\"elementor-widget-wrap elementor-element-populated\">\n\t\t\t\t\t\t\t\t<div class=\"elementor-element elementor-element-3a9cc02 elementor-widget elementor-widget-heading\" data-id=\"3a9cc02\" data-element_type=\"widget\" data-widget_type=\"heading.default\">\n\t\t\t\t<div class=\"elementor-widget-container\">\n\t\t\t<h2 class=\"elementor-heading-title elementor-size-default\"><i>Ausstellungen<\/i><p><\/p>\n2025 The sky is the same colour everywhere\/\nEinzelausstellung, Kunsthochschule Mainz<p><\/p><p>\n2025 Looking at RealismusStudio\/\nGruppenausstellung in nGbk, Berlin\n<\/p><p>2024 Zweitheiten\/\nDuo-Ausstellung in Netzwerk Seilerei, Frankfurt am Main<\/p><p>2024 Kuratorin und Veranstalterin der\nzweit\u00e4gige Kunstveranstaltung artkin groove , Seidenroth\n<\/p><p>2023 Ghost Dance\/\nGruppenausstellung in der Kunsthalle Kassel mit Latifa\nLa\u00e2bissi und Manon de Boer\n<\/p><p>2023 Drawing Exposure\/\nGruppenausstellung im Landesmuseum Mainz\n<\/p><p>2023 9+1 Tage Sch\u00f6pfung\/\nGruppenausstellung in der Galerie Kulturwerkstatthaus\n10, F\u00fcrstenfeldbruck\n<\/p><p>2022 When we are all sleeping\/\nEinzelausstellung mit Texten von Adrian Lauschke in der\nGalerie 17qm, Marburg\n<\/p><p>2022 Gefangene Zeit\/\nEinzelausstellung und Artist in Residence in Bella\nMartha Kunsthaus, Grafrath\n<\/p><p>2022 Zeit und Raum\/\nGruppenausstellung in der Galerie 17qm, Marburg\n<\/p><p>2022 Gesichter und Geschichten\/\nGruppenausstellung in der Galerie JPG, Marburg\n<\/p><p>2020 Kunst in Marburg\/\nGruppenausstellung im Marburger Kunstverein, Marburg\n<\/p><p>2020 SOSO2020\/ Virtuelle Jahresausstellung\ndes Instituts f\u00fcr Bildende Kunst, Marburg\n<\/p><p>2020 Zwischen-Welten\/\nGruppenausstellung im IKJG e.V., Marburg<\/p><\/h2>\t\t<\/div>\n\t\t\t\t<\/div>\n\t\t\t\t\t<\/div>\n\t\t<\/div>\n\t\t\t\t<div class=\"elementor-column elementor-col-33 elementor-top-column elementor-element elementor-element-0b8acd2\" data-id=\"0b8acd2\" data-element_type=\"column\">\n\t\t\t<div class=\"elementor-widget-wrap elementor-element-populated\">\n\t\t\t\t\t\t\t\t<div class=\"elementor-element elementor-element-118a3ca elementor-widget elementor-widget-heading\" data-id=\"118a3ca\" data-element_type=\"widget\" data-widget_type=\"heading.default\">\n\t\t\t\t<div class=\"elementor-widget-container\">\n\t\t\t<h2 class=\"elementor-heading-title elementor-size-default\"><i>Stipendien<\/i><p><\/p><p>\n2025 Film &amp; Medien Nachwuchsf\u00f6rderung Rheinland-\nPfalz Johannes-Gutenberg-Universit\u00e4t Mainz\n<\/p><p>2025 Hessian Studio Support Programme\n\u201eHessenweit\u201c\n, basis e.V., Frankfurt am Main\n<\/p><p>2025 F\u00f6rderung eines externen studentischen Projekts\/\nKunsthochschule Mainz\n<\/p><p>2024 Zuschuss zur Realisierung einer Ausstellung im\nRahmen des Rundgangs, Kunsthochschule Mainz\n<\/p><p>2023 Zuschuss zur Realisierung einer Ausstellung im\nRahmen des Rundgangs, Kunsthochschule Mainz\n<p<2022 residenzstipendium=\"\" bella=\"\" marthas=\"\" kunsthaus<p=\"\">\n<\/p<2022><\/p><p><\/p><p><i>Publikationen<\/i><\/p><p><\/p>\nThe sky is the same colour everywhere,\nK\u00fcnstlerbuch zur gleichnamigen\nAusstellung, K\u00fcnstlerische Konzeption &amp;\nGestaltung: Melika Moazeni, limitierte\nAuflage (10 Ex.)<p><\/p><p>2025\nNichts und die Anderen,\nOntologie und Ethik der Unaufrichtigkeit\nJean-Paul Sartres, Adrian Lauschke<\/p><p>2025\/\nISBN 978-3-495-99167-1 Verlag Karl Alber\nLooking at RealismusStudio,\nGruppenkatalog <\/p><p>2025\/ ISBN 978-3-940B92-\n32-4 Kunsthochschule Mainz\nKurzgeschichte des Ankommens,\nJoanna Iwi\u0144ska, Illustrationen von Melika\nMoazeni <\/p><p>2024\/ ISBN 978-3-96317-338-5\nB\u00fcchner Verlag\n24.02. Eine Flucht ,\nJoanna Iwi\u0144ska, Illustrationen von Melika\nMoazeni <\/p><p>2023\/ ISBN 978-3-96317-336-3\nB\u00fcchner Verlag\nDrawing Exposure,\nGruppenkatalog in Kooperation mit\nLandesmuseum Mainz 2023,\nKunsthochschule Mainz<\/p><\/h2>\t\t<\/div>\n\t\t\t\t<\/div>\n\t\t\t\t\t<\/div>\n\t\t<\/div>\n\t\t\t\t<div class=\"elementor-column elementor-col-33 elementor-top-column elementor-element elementor-element-a82e2f0\" data-id=\"a82e2f0\" data-element_type=\"column\">\n\t\t\t<div class=\"elementor-widget-wrap\">\n\t\t\t\t\t\t\t\t\t<\/div>\n\t\t<\/div>\n\t\t\t\t\t\t\t<\/div>\n\t\t<\/section>\n\t\t\t\t<section class=\"elementor-section elementor-top-section elementor-element elementor-element-4e93dbe elementor-section-boxed elementor-section-height-default elementor-section-height-default\" data-id=\"4e93dbe\" data-element_type=\"section\">\n\t\t\t\t\t\t<div class=\"elementor-container elementor-column-gap-default\">\n\t\t\t\t\t<div class=\"elementor-column elementor-col-50 elementor-top-column elementor-element elementor-element-fa17fe5\" data-id=\"fa17fe5\" data-element_type=\"column\">\n\t\t\t<div class=\"elementor-widget-wrap elementor-element-populated\">\n\t\t\t\t\t\t\t\t<div class=\"elementor-element elementor-element-b080ce9 elementor-widget elementor-widget-heading\" data-id=\"b080ce9\" data-element_type=\"widget\" data-widget_type=\"heading.default\">\n\t\t\t\t<div class=\"elementor-widget-container\">\n\t\t\t<h2 class=\"elementor-heading-title elementor-size-small\"><p><\/p><p><\/p>\n<p><b>Kontaktdaten <\/b><\/p><p><b>Email: Melika.Moazeni@web.de<\/b><br><br><\/p><\/h2>\t\t<\/div>\n\t\t\t\t<\/div>\n\t\t\t\t\t<\/div>\n\t\t<\/div>\n\t\t\t\t<div class=\"elementor-column elementor-col-50 elementor-top-column elementor-element elementor-element-804b477\" data-id=\"804b477\" data-element_type=\"column\">\n\t\t\t<div class=\"elementor-widget-wrap elementor-element-populated\">\n\t\t\t\t\t\t\t\t\t<\/div>\n\t\t<\/div>\n\t\t\t\t\t\t\t<\/div>\n\t\t<\/section>\n\t\t\t\t<section class=\"elementor-section elementor-top-section elementor-element elementor-element-022da82 elementor-section-boxed elementor-section-height-default elementor-section-height-default\" data-id=\"022da82\" data-element_type=\"section\">\n\t\t\t\t\t\t<div class=\"elementor-container elementor-column-gap-custom\">\n\t\t\t\t\t<div class=\"elementor-column elementor-col-100 elementor-top-column elementor-element elementor-element-94becb2\" data-id=\"94becb2\" data-element_type=\"column\">\n\t\t\t<div class=\"elementor-widget-wrap elementor-element-populated\">\n\t\t\t\t\t\t\t\t<div class=\"elementor-element elementor-element-7b9c6ff elementor-widget elementor-widget-heading\" data-id=\"7b9c6ff\" data-element_type=\"widget\" data-widget_type=\"heading.default\">\n\t\t\t\t<div class=\"elementor-widget-container\">\n\t\t\t<h2 class=\"elementor-heading-title elementor-size-small\">Urheberrecht \u00a9 2020 Melika Moazeni. Alle Rechte vorbehalten. Alle Bilder und Texte unterliegen dem Urheberrecht und anderen Gesetzen geistigen Eigentums. Der Inhalt dieser Seite darf nicht verwendet, downgeloaded oder gespeichert werden, in jedem Medium, weder privat noch gewerblich, als Ganzes oder in Teilen, ver\u00e4ndert oder Dritten zug\u00e4nglich gemacht werden ohne vorherige schriftliche Genehmigung des Urhebers.<\/h2>\t\t<\/div>\n\t\t\t\t<\/div>\n\t\t\t\t\t<\/div>\n\t\t<\/div>\n\t\t\t\t\t\t\t<\/div>\n\t\t<\/section>\n\t\t\t\t\t\t<\/div>\n\t\t\t\t\t<\/div>\n\t\t","protected":false},"excerpt":{"rendered":"<p>In meiner k\u00fcnstlerischen Praxis besch\u00e4ftige ich mich mit dem Ich und dem Selbst als Reflexion des Seins. Ich lasse mich von Existenzialisten und Psychoanalytikern inspirieren und nutze Kunst als Medium zur Analyse und Erkenntnis, sowie als Plattform, um mein menschliches Dasein immer wieder neu zu reflektieren. Texte und Lekt\u00fcre dienen als Ausgangspunkt f\u00fcr meine k\u00fcnstlerische [&hellip;]<\/p>\n","protected":false},"author":3,"featured_media":0,"parent":0,"menu_order":0,"comment_status":"closed","ping_status":"closed","template":"","meta":[],"_links":{"self":[{"href":"https:\/\/MELIKAMOAZENI.COM\/index.php?rest_route=\/wp\/v2\/pages\/19"}],"collection":[{"href":"https:\/\/MELIKAMOAZENI.COM\/index.php?rest_route=\/wp\/v2\/pages"}],"about":[{"href":"https:\/\/MELIKAMOAZENI.COM\/index.php?rest_route=\/wp\/v2\/types\/page"}],"author":[{"embeddable":true,"href":"https:\/\/MELIKAMOAZENI.COM\/index.php?rest_route=\/wp\/v2\/users\/3"}],"replies":[{"embeddable":true,"href":"https:\/\/MELIKAMOAZENI.COM\/index.php?rest_route=%2Fwp%2Fv2%2Fcomments&post=19"}],"version-history":[{"count":113,"href":"https:\/\/MELIKAMOAZENI.COM\/index.php?rest_route=\/wp\/v2\/pages\/19\/revisions"}],"predecessor-version":[{"id":1237,"href":"https:\/\/MELIKAMOAZENI.COM\/index.php?rest_route=\/wp\/v2\/pages\/19\/revisions\/1237"}],"wp:attachment":[{"href":"https:\/\/MELIKAMOAZENI.COM\/index.php?rest_route=%2Fwp%2Fv2%2Fmedia&parent=19"}],"curies":[{"name":"wp","href":"https:\/\/api.w.org\/{rel}","templated":true}]}}